{"version":"1.0","provider_name":"Centres de sant\u00e9 communautaires de Kingston","provider_url":"https:\/\/kchc.ca\/fr\/","author_name":"Krista","author_url":"https:\/\/kchc.ca\/fr\/author\/krista\/","title":"S\u00e9rie de conf\u00e9rences pour les super-seniors - Centres de sant\u00e9 communautaires de Kingston","type":"rich","width":600,"height":338,"html":"<blockquote class=\"wp-embedded-content\" data-secret=\"oDEeM9EbSl\"><a href=\"https:\/\/kchc.ca\/fr\/evenements\/serie-de-conferences-pour-les-super-seniors-3\/\">S\u00e9rie de conf\u00e9rences pour les super-seniors<\/a><\/blockquote><iframe sandbox=\"allow-scripts\" security=\"restricted\" src=\"https:\/\/kchc.ca\/fr\/evenements\/serie-de-conferences-pour-les-super-seniors-3\/embed\/#?secret=oDEeM9EbSl\" width=\"600\" height=\"338\" title=\"\u00ab\u00a0S\u00e9rie de conf\u00e9rences pour les super-seniors\u00a0\u00bb &#8212; Centres de sant\u00e9 communautaires de Kingston\" data-secret=\"oDEeM9EbSl\" frameborder=\"0\" marginwidth=\"0\" marginheight=\"0\" scrolling=\"no\" class=\"wp-embedded-content\"><\/iframe><script type=\"text\/javascript\">\n\/* <![CDATA[ *\/\n\/*! This file is auto-generated *\/\n!function(d,l){\"use strict\";l.querySelector&&d.addEventListener&&\"undefined\"!=typeof URL&&(d.wp=d.wp||{},d.wp.receiveEmbedMessage||(d.wp.receiveEmbedMessage=function(e){var t=e.data;if((t||t.secret||t.message||t.value)&&!\/[^a-zA-Z0-9]\/.test(t.secret)){for(var s,r,n,a=l.querySelectorAll('iframe[data-secret=\"'+t.secret+'\"]'),o=l.querySelectorAll('blockquote[data-secret=\"'+t.secret+'\"]'),c=new RegExp(\"^https?:$\",\"i\"),i=0;i<o.length;i++)o[i].style.display=\"none\";for(i=0;i<a.length;i++)s=a[i],e.source===s.contentWindow&&(s.removeAttribute(\"style\"),\"height\"===t.message?(1e3<(r=parseInt(t.value,10))?r=1e3:~~r<200&&(r=200),s.height=r):\"link\"===t.message&&(r=new URL(s.getAttribute(\"src\")),n=new URL(t.value),c.test(n.protocol))&&n.host===r.host&&l.activeElement===s&&(d.top.location.href=t.value))}},d.addEventListener(\"message\",d.wp.receiveEmbedMessage,!1),l.addEventListener(\"DOMContentLoaded\",function(){for(var e,t,s=l.querySelectorAll(\"iframe.wp-embedded-content\"),r=0;r<s.length;r++)(t=(e=s[r]).getAttribute(\"data-secret\"))||(t=Math.random().toString(36).substring(2,12),e.src+=\"#?secret=\"+t,e.setAttribute(\"data-secret\",t)),e.contentWindow.postMessage({message:\"ready\",secret:t},\"*\")},!1)))}(window,document);\n\/\/# sourceURL=https:\/\/kchc.ca\/wp-includes\/js\/wp-embed.min.js\n\/* ]]> *\/\n<\/script>\n","thumbnail_url":"https:\/\/kchc.ca\/wp-content\/uploads\/2025\/12\/Website-Events-Covers-2025-34.png","thumbnail_width":1702,"thumbnail_height":630,"description":"La s\u00e9rie de conf\u00e9rences Super Seniors, qui s'inscrit dans le cadre de la Journ\u00e9e des personnes \u00e2g\u00e9es, est une rencontre mensuelle qui invite des experts de la communaut\u00e9 \u00e0 dialoguer avec des personnes \u00e2g\u00e9es sur des sujets d'int\u00e9r\u00eat. L'orateur de ce mois-ci est Arabella Mew, de Venerari Archives, qui explorera les avantages de la narration, des liens interg\u00e9n\u00e9rationnels et de l'\u00e9limination des obstacles au partage de l'information."}