{"id":3498,"date":"2025-04-01T10:15:58","date_gmt":"2025-04-01T14:15:58","guid":{"rendered":"https:\/\/kchc.ca\/events\/journee-des-personnes-agees\/"},"modified":"2025-04-14T14:18:34","modified_gmt":"2025-04-14T18:18:34","slug":"journee-des-personnes-agees","status":"publish","type":"event","link":"https:\/\/kchc.ca\/fr\/evenements\/journee-des-personnes-agees\/","title":{"rendered":"Journ\u00e9e des personnes \u00e2g\u00e9es"},"content":{"rendered":"\n<p>Joignez-vous \u00e0 nous tous les lundis pour la Journ\u00e9e des a\u00een\u00e9s au Centre communautaire de Rideau Heights. Les programmes offrent une vari\u00e9t\u00e9 d&rsquo;activit\u00e9s pour vous garder actif, connect\u00e9 et engag\u00e9 ! <\/p>\n\n<p><img loading=\"lazy\" decoding=\"async\" height=\"16\" width=\"16\" alt=\"&#x1F31F;\" src=\"https:\/\/static.xx.fbcdn.net\/images\/emoji.php\/v9\/te0\/1\/16\/1f31f.png\"\/>  Commencez votre journ\u00e9e avec le Seniors Strength, Fitness &amp; Balance Maintenance Group, con\u00e7u pour am\u00e9liorer la force, r\u00e9duire le risque de chutes et pr\u00e9venir la fragilit\u00e9. Les s\u00e9ances ont lieu de 9 h 30 \u00e0 10 h 30 et de 11 h \u00e0 12 h dans la grande salle de pr\u00e9sentation. Pour participer, <a><\/a>inscrivez-vous aupr\u00e8s de Sarah au 613-449-8301, poste 1137, ou de Spencer au 613-484-8072.  <\/p>\n\n<p><img loading=\"lazy\" decoding=\"async\" height=\"16\" width=\"16\" alt=\"&#x1F31F;\" src=\"https:\/\/static.xx.fbcdn.net\/images\/emoji.php\/v9\/te0\/1\/16\/1f31f.png\"\/>  Profitez d&rsquo;une pause en milieu de matin\u00e9e au Talking Caf\u00e9, o\u00f9 vous pouvez siroter gratuitement du caf\u00e9 ou du th\u00e9, d\u00e9guster des en-cas sains et socialiser dans une atmosph\u00e8re d\u00e9tendue. Ce caf\u00e9 est ouvert de 10 h \u00e0 12 h dans les Pods B et C, sans inscription pr\u00e9alable. Si vous pr\u00e9f\u00e9rez les jeux, rendez-vous au Board Game Caf\u00e9 dans la salle polyvalente aux m\u00eames heures. Jouez \u00e0 des jeux de cartes et de soci\u00e9t\u00e9 anim\u00e9s par des b\u00e9n\u00e9voles et le personnel de la biblioth\u00e8que &#8211; aucune inscription n&rsquo;est n\u00e9cessaire !   <\/p>\n\n<p><img loading=\"lazy\" decoding=\"async\" height=\"16\" width=\"16\" src=\"https:\/\/static.xx.fbcdn.net\/images\/emoji.php\/v9\/te0\/1\/16\/1f31f.png\" alt=\"&#x1F31F;\"\/>  Le 1er lundi de chaque mois, rejoignez le club de lecture mensuel Books and Beans. Discutez de votre derni\u00e8re bonne lecture autour d&rsquo;un caf\u00e9 ou d&rsquo;un th\u00e9, empruntez des livres fournis par la Biblioth\u00e8que publique de Kingston Frontenac, ou visitez la succursale KFPL de Rideau Heights pour choisir votre prochaine lecture. Cette activit\u00e9 se d\u00e9roule dans la salle polyvalente.  <\/p>\n\n<p><img loading=\"lazy\" decoding=\"async\" height=\"16\" width=\"16\" src=\"https:\/\/static.xx.fbcdn.net\/images\/emoji.php\/v9\/te0\/1\/16\/1f31f.png\" alt=\"&#x1F31F;\"\/>  Ne manquez pas la s\u00e9rie de conf\u00e9rences Super Seniors le lundi 28 avril ! \u00c9coutez des professionnels locaux qui partageront leur expertise sur des sujets choisis par les participants. Profitez de la nourriture et des boissons pendant cette session engageante de 12 \u00e0 14 heures dans le grand hall. Aucune inscription n&rsquo;est n\u00e9cessaire.   <\/p>\n\n<p>Des aides au transport sont disponibles si n\u00e9cessaire, et des rafra\u00eechissements seront offerts tout au long de la journ\u00e9e.  <\/p>\n","protected":false},"excerpt":{"rendered":"<p>Joignez-vous \u00e0 nous tous les lundis pour la Journ\u00e9e des a\u00een\u00e9s au Centre communautaire de Rideau Heights. Les programmes offrent une vari\u00e9t\u00e9 d&rsquo;activit\u00e9s pour vous garder actif, connect\u00e9 et engag\u00e9. <\/p>\n","protected":false},"featured_media":3074,"template":"","categories":[77,76],"communities":[78,79],"class_list":["post-3498","event","type-event","status-publish","has-post-thumbnail","hentry","category-developpement-communautaire","category-prescription-sociale","communities-adultes","communities-personnes-agees"],"acf":[],"yoast_head":"<!-- This site is optimized with the Yoast SEO plugin v27.4 - https:\/\/yoast.com\/product\/yoast-seo-wordpress\/ -->\n<title>Journ\u00e9e des personnes \u00e2g\u00e9es - Centres de sant\u00e9 communautaires de Kingston<\/title>\n<meta name=\"robots\" content=\"index, follow, max-snippet:-1, max-image-preview:large, max-video-preview:-1\" \/>\n<link rel=\"canonical\" href=\"https:\/\/kchc.ca\/fr\/evenements\/journee-des-personnes-agees\/\" \/>\n<meta property=\"og:locale\" content=\"fr_FR\" \/>\n<meta property=\"og:type\" content=\"article\" \/>\n<meta property=\"og:title\" content=\"Journ\u00e9e des personnes \u00e2g\u00e9es - Centres de sant\u00e9 communautaires de Kingston\" \/>\n<meta property=\"og:description\" content=\"Joignez-vous \u00e0 nous tous les lundis pour la Journ\u00e9e des a\u00een\u00e9s au Centre communautaire de Rideau Heights. Les programmes offrent une vari\u00e9t\u00e9 d&#039;activit\u00e9s pour vous garder actif, connect\u00e9 et engag\u00e9.\" \/>\n<meta property=\"og:url\" content=\"https:\/\/kchc.ca\/fr\/evenements\/journee-des-personnes-agees\/\" \/>\n<meta property=\"og:site_name\" content=\"Centres de sant\u00e9 communautaires de Kingston\" \/>\n<meta property=\"article:publisher\" content=\"https:\/\/www.facebook.com\/KingstonCHC\/\" \/>\n<meta property=\"article:modified_time\" content=\"2025-04-14T18:18:34+00:00\" \/>\n<meta property=\"og:image\" content=\"https:\/\/kchc.ca\/wp-content\/uploads\/2025\/01\/Website-Events-Covers-2025.png\" \/>\n\t<meta property=\"og:image:width\" content=\"851\" \/>\n\t<meta property=\"og:image:height\" content=\"315\" \/>\n\t<meta property=\"og:image:type\" content=\"image\/png\" \/>\n<meta name=\"twitter:card\" content=\"summary_large_image\" \/>\n<meta name=\"twitter:site\" content=\"@KingstonCHC\" \/>\n<meta name=\"twitter:label1\" content=\"Dur\u00e9e de lecture estim\u00e9e\" \/>\n\t<meta name=\"twitter:data1\" content=\"2 minutes\" \/>\n<script type=\"application\/ld+json\" class=\"yoast-schema-graph\">{\"@context\":\"https:\\\/\\\/schema.org\",\"@graph\":[{\"@type\":\"WebPage\",\"@id\":\"https:\\\/\\\/kchc.ca\\\/fr\\\/evenements\\\/journee-des-personnes-agees\\\/\",\"url\":\"https:\\\/\\\/kchc.ca\\\/fr\\\/evenements\\\/journee-des-personnes-agees\\\/\",\"name\":\"Journ\u00e9e des personnes \u00e2g\u00e9es - Centres de sant\u00e9 communautaires de Kingston\",\"isPartOf\":{\"@id\":\"https:\\\/\\\/kchc.ca\\\/fr\\\/#website\"},\"primaryImageOfPage\":{\"@id\":\"https:\\\/\\\/kchc.ca\\\/fr\\\/evenements\\\/journee-des-personnes-agees\\\/#primaryimage\"},\"image\":{\"@id\":\"https:\\\/\\\/kchc.ca\\\/fr\\\/evenements\\\/journee-des-personnes-agees\\\/#primaryimage\"},\"thumbnailUrl\":\"https:\\\/\\\/kchc.ca\\\/wp-content\\\/uploads\\\/2025\\\/01\\\/Website-Events-Covers-2025.png\",\"datePublished\":\"2025-04-01T14:15:58+00:00\",\"dateModified\":\"2025-04-14T18:18:34+00:00\",\"breadcrumb\":{\"@id\":\"https:\\\/\\\/kchc.ca\\\/fr\\\/evenements\\\/journee-des-personnes-agees\\\/#breadcrumb\"},\"inLanguage\":\"fr-FR\",\"potentialAction\":[{\"@type\":\"ReadAction\",\"target\":[\"https:\\\/\\\/kchc.ca\\\/fr\\\/evenements\\\/journee-des-personnes-agees\\\/\"]}]},{\"@type\":\"ImageObject\",\"inLanguage\":\"fr-FR\",\"@id\":\"https:\\\/\\\/kchc.ca\\\/fr\\\/evenements\\\/journee-des-personnes-agees\\\/#primaryimage\",\"url\":\"https:\\\/\\\/kchc.ca\\\/wp-content\\\/uploads\\\/2025\\\/01\\\/Website-Events-Covers-2025.png\",\"contentUrl\":\"https:\\\/\\\/kchc.ca\\\/wp-content\\\/uploads\\\/2025\\\/01\\\/Website-Events-Covers-2025.png\",\"width\":851,\"height\":315},{\"@type\":\"BreadcrumbList\",\"@id\":\"https:\\\/\\\/kchc.ca\\\/fr\\\/evenements\\\/journee-des-personnes-agees\\\/#breadcrumb\",\"itemListElement\":[{\"@type\":\"ListItem\",\"position\":1,\"name\":\"Home\",\"item\":\"https:\\\/\\\/kchc.ca\\\/fr\\\/\"},{\"@type\":\"ListItem\",\"position\":2,\"name\":\"Events\",\"item\":\"https:\\\/\\\/kchc.ca\\\/fr\\\/evenements\\\/\"},{\"@type\":\"ListItem\",\"position\":3,\"name\":\"Journ\u00e9e des personnes \u00e2g\u00e9es\"}]},{\"@type\":\"WebSite\",\"@id\":\"https:\\\/\\\/kchc.ca\\\/fr\\\/#website\",\"url\":\"https:\\\/\\\/kchc.ca\\\/fr\\\/\",\"name\":\"Kingston Community Health Centres\",\"description\":\"\",\"publisher\":{\"@id\":\"https:\\\/\\\/kchc.ca\\\/fr\\\/#organization\"},\"potentialAction\":[{\"@type\":\"SearchAction\",\"target\":{\"@type\":\"EntryPoint\",\"urlTemplate\":\"https:\\\/\\\/kchc.ca\\\/fr\\\/?s={search_term_string}\"},\"query-input\":{\"@type\":\"PropertyValueSpecification\",\"valueRequired\":true,\"valueName\":\"search_term_string\"}}],\"inLanguage\":\"fr-FR\"},{\"@type\":\"Organization\",\"@id\":\"https:\\\/\\\/kchc.ca\\\/fr\\\/#organization\",\"name\":\"Kingston Community Health Centres\",\"url\":\"https:\\\/\\\/kchc.ca\\\/fr\\\/\",\"logo\":{\"@type\":\"ImageObject\",\"inLanguage\":\"fr-FR\",\"@id\":\"https:\\\/\\\/kchc.ca\\\/fr\\\/#\\\/schema\\\/logo\\\/image\\\/\",\"url\":\"https:\\\/\\\/kchc.ca\\\/wp-content\\\/uploads\\\/2024\\\/06\\\/KCHC-logo.png\",\"contentUrl\":\"https:\\\/\\\/kchc.ca\\\/wp-content\\\/uploads\\\/2024\\\/06\\\/KCHC-logo.png\",\"width\":1096,\"height\":398,\"caption\":\"Kingston Community Health Centres\"},\"image\":{\"@id\":\"https:\\\/\\\/kchc.ca\\\/fr\\\/#\\\/schema\\\/logo\\\/image\\\/\"},\"sameAs\":[\"https:\\\/\\\/www.facebook.com\\\/KingstonCHC\\\/\",\"https:\\\/\\\/x.com\\\/KingstonCHC\"]}]}<\/script>\n<!-- \/ Yoast SEO plugin. -->","yoast_head_json":{"title":"Journ\u00e9e des personnes \u00e2g\u00e9es - Centres de sant\u00e9 communautaires de Kingston","robots":{"index":"index","follow":"follow","max-snippet":"max-snippet:-1","max-image-preview":"max-image-preview:large","max-video-preview":"max-video-preview:-1"},"canonical":"https:\/\/kchc.ca\/fr\/evenements\/journee-des-personnes-agees\/","og_locale":"fr_FR","og_type":"article","og_title":"Journ\u00e9e des personnes \u00e2g\u00e9es - Centres de sant\u00e9 communautaires de Kingston","og_description":"Joignez-vous \u00e0 nous tous les lundis pour la Journ\u00e9e des a\u00een\u00e9s au Centre communautaire de Rideau Heights. Les programmes offrent une vari\u00e9t\u00e9 d'activit\u00e9s pour vous garder actif, connect\u00e9 et engag\u00e9.","og_url":"https:\/\/kchc.ca\/fr\/evenements\/journee-des-personnes-agees\/","og_site_name":"Centres de sant\u00e9 communautaires de Kingston","article_publisher":"https:\/\/www.facebook.com\/KingstonCHC\/","article_modified_time":"2025-04-14T18:18:34+00:00","og_image":[{"width":851,"height":315,"url":"https:\/\/kchc.ca\/wp-content\/uploads\/2025\/01\/Website-Events-Covers-2025.png","type":"image\/png"}],"twitter_card":"summary_large_image","twitter_site":"@KingstonCHC","twitter_misc":{"Dur\u00e9e de lecture estim\u00e9e":"2 minutes"},"schema":{"@context":"https:\/\/schema.org","@graph":[{"@type":"WebPage","@id":"https:\/\/kchc.ca\/fr\/evenements\/journee-des-personnes-agees\/","url":"https:\/\/kchc.ca\/fr\/evenements\/journee-des-personnes-agees\/","name":"Journ\u00e9e des personnes \u00e2g\u00e9es - Centres de sant\u00e9 communautaires de Kingston","isPartOf":{"@id":"https:\/\/kchc.ca\/fr\/#website"},"primaryImageOfPage":{"@id":"https:\/\/kchc.ca\/fr\/evenements\/journee-des-personnes-agees\/#primaryimage"},"image":{"@id":"https:\/\/kchc.ca\/fr\/evenements\/journee-des-personnes-agees\/#primaryimage"},"thumbnailUrl":"https:\/\/kchc.ca\/wp-content\/uploads\/2025\/01\/Website-Events-Covers-2025.png","datePublished":"2025-04-01T14:15:58+00:00","dateModified":"2025-04-14T18:18:34+00:00","breadcrumb":{"@id":"https:\/\/kchc.ca\/fr\/evenements\/journee-des-personnes-agees\/#breadcrumb"},"inLanguage":"fr-FR","potentialAction":[{"@type":"ReadAction","target":["https:\/\/kchc.ca\/fr\/evenements\/journee-des-personnes-agees\/"]}]},{"@type":"ImageObject","inLanguage":"fr-FR","@id":"https:\/\/kchc.ca\/fr\/evenements\/journee-des-personnes-agees\/#primaryimage","url":"https:\/\/kchc.ca\/wp-content\/uploads\/2025\/01\/Website-Events-Covers-2025.png","contentUrl":"https:\/\/kchc.ca\/wp-content\/uploads\/2025\/01\/Website-Events-Covers-2025.png","width":851,"height":315},{"@type":"BreadcrumbList","@id":"https:\/\/kchc.ca\/fr\/evenements\/journee-des-personnes-agees\/#breadcrumb","itemListElement":[{"@type":"ListItem","position":1,"name":"Home","item":"https:\/\/kchc.ca\/fr\/"},{"@type":"ListItem","position":2,"name":"Events","item":"https:\/\/kchc.ca\/fr\/evenements\/"},{"@type":"ListItem","position":3,"name":"Journ\u00e9e des personnes \u00e2g\u00e9es"}]},{"@type":"WebSite","@id":"https:\/\/kchc.ca\/fr\/#website","url":"https:\/\/kchc.ca\/fr\/","name":"Kingston Community Health Centres","description":"","publisher":{"@id":"https:\/\/kchc.ca\/fr\/#organization"},"potentialAction":[{"@type":"SearchAction","target":{"@type":"EntryPoint","urlTemplate":"https:\/\/kchc.ca\/fr\/?s={search_term_string}"},"query-input":{"@type":"PropertyValueSpecification","valueRequired":true,"valueName":"search_term_string"}}],"inLanguage":"fr-FR"},{"@type":"Organization","@id":"https:\/\/kchc.ca\/fr\/#organization","name":"Kingston Community Health Centres","url":"https:\/\/kchc.ca\/fr\/","logo":{"@type":"ImageObject","inLanguage":"fr-FR","@id":"https:\/\/kchc.ca\/fr\/#\/schema\/logo\/image\/","url":"https:\/\/kchc.ca\/wp-content\/uploads\/2024\/06\/KCHC-logo.png","contentUrl":"https:\/\/kchc.ca\/wp-content\/uploads\/2024\/06\/KCHC-logo.png","width":1096,"height":398,"caption":"Kingston Community Health Centres"},"image":{"@id":"https:\/\/kchc.ca\/fr\/#\/schema\/logo\/image\/"},"sameAs":["https:\/\/www.facebook.com\/KingstonCHC\/","https:\/\/x.com\/KingstonCHC"]}]}},"_links":{"self":[{"href":"https:\/\/kchc.ca\/fr\/wp-json\/wp\/v2\/event\/3498","targetHints":{"allow":["GET"]}}],"collection":[{"href":"https:\/\/kchc.ca\/fr\/wp-json\/wp\/v2\/event"}],"about":[{"href":"https:\/\/kchc.ca\/fr\/wp-json\/wp\/v2\/types\/event"}],"wp:featuredmedia":[{"embeddable":true,"href":"https:\/\/kchc.ca\/fr\/wp-json\/wp\/v2\/media\/3074"}],"wp:attachment":[{"href":"https:\/\/kchc.ca\/fr\/wp-json\/wp\/v2\/media?parent=3498"}],"wp:term":[{"taxonomy":"category","embeddable":true,"href":"https:\/\/kchc.ca\/fr\/wp-json\/wp\/v2\/categories?post=3498"},{"taxonomy":"communities","embeddable":true,"href":"https:\/\/kchc.ca\/fr\/wp-json\/wp\/v2\/communities?post=3498"}],"curies":[{"name":"wp","href":"https:\/\/api.w.org\/{rel}","templated":true}]}}