{"id":6133,"date":"2026-04-04T17:01:36","date_gmt":"2026-04-04T21:01:36","guid":{"rendered":"https:\/\/kchc.ca\/events\/introduction-a-la-neurodiversite-et-a-lautisme-chez-les-adultes\/"},"modified":"2026-04-27T16:12:41","modified_gmt":"2026-04-27T20:12:41","slug":"introduction-a-la-neurodiversite-et-a-lautisme-chez-les-adultes","status":"publish","type":"event","link":"https:\/\/kchc.ca\/fr\/evenements\/introduction-a-la-neurodiversite-et-a-lautisme-chez-les-adultes\/","title":{"rendered":"Introduction \u00e0 la neurodiversit\u00e9 et \u00e0 l&rsquo;autisme chez les adultes"},"content":{"rendered":"\n<p><strong>Pour vous inscrire : <\/strong><a href=\"https:\/\/ND-autism-june2026.eventbrite.ca\"><strong>https:\/\/ND-autism-june2026.eventbrite.ca<\/strong><\/a><\/p>\n\n<p><strong>Co\u00fbt<\/strong>: Gratuit\/gratuit &#8211; financ\u00e9 par le minist\u00e8re de la sant\u00e9<\/p>\n\n<p><strong>Date<\/strong>: Mardi 9 juin 2026 de 9h30 \u00e0 10h30 EST<\/p>\n\n<p><strong>Lieu<\/strong>: KCHC 263 Weller Ave, dans la salle KCCU <br\/>*en personne uniquement &#8211; pas d&rsquo;option virtuelle\/en ligne disponible pour le moment<\/p>\n\n<p>Un \u00e9v\u00e9nement en ligne perspicace o\u00f9 nous nous penchons sur la <strong>neurodiversit\u00e9<\/strong> et l&rsquo;<strong>autisme<\/strong> <strong>chez les adultes<\/strong>. D\u00e9couvrez les forces et les d\u00e9fis uniques des personnes sur le spectre autistique ! Nos intervenants vous fourniront des informations et des conseils pr\u00e9cieux pour comprendre et soutenir les adultes neurodivergents dans divers aspects de la vie.  <\/p>\n\n<p>Que vous soyez novice en la mati\u00e8re ou que vous cherchiez \u00e0 approfondir vos connaissances, cet \u00e9v\u00e9nement est id\u00e9al pour tous ceux qui souhaitent en savoir plus sur la neurodiversit\u00e9 et l&rsquo;autisme chez les adultes.<\/p>\n\n<p>Les th\u00e8mes abord\u00e9s sont les suivants<\/p>\n\n<ul class=\"wp-block-list\">\n<li>Quelles sont les pathologies incluses dans la neurodivergence ?<\/li>\n\n\n\n<li>Importance de l&rsquo;identification de votre neurotype<\/li>\n\n\n\n<li>Les 3 piliers de l&rsquo;autisme<\/li>\n\n\n\n<li>Sensibilit\u00e9s sensorielles chez l&rsquo;adulte<\/li>\n\n\n\n<li>Grandes \u00e9motions<\/li>\n\n\n\n<li>Masquage<\/li>\n\n\n\n<li>Comp\u00e9tences d&rsquo;adaptation<\/li>\n\n\n\n<li>Stimulation<\/li>\n\n\n\n<li>Rassemblements neuroinclusifs<\/li>\n\n\n\n<li>et plus encore !<\/li>\n<\/ul>\n","protected":false},"excerpt":{"rendered":"<p>Un \u00e9v\u00e9nement en ligne perspicace o\u00f9 nous nous penchons sur la neurodiversit\u00e9 et l&rsquo;autisme chez les adultes. D\u00e9couvrez les forces et les d\u00e9fis uniques des personnes sur le spectre autistique ! Nos intervenants vous fourniront des informations et des conseils pr\u00e9cieux pour comprendre et soutenir les adultes neurodivergents dans divers aspects de la vie.  <\/p>\n","protected":false},"featured_media":3179,"template":"","categories":[43],"communities":[78],"class_list":["post-6133","event","type-event","status-publish","has-post-thumbnail","hentry","category-sante-et-bien-etre","communities-adultes"],"acf":[],"yoast_head":"<!-- This site is optimized with the Yoast SEO plugin v27.4 - https:\/\/yoast.com\/product\/yoast-seo-wordpress\/ -->\n<title>Introduction \u00e0 la neurodiversit\u00e9 et \u00e0 l&#039;autisme chez les adultes - Centres de sant\u00e9 communautaires de Kingston<\/title>\n<meta name=\"robots\" content=\"index, follow, max-snippet:-1, max-image-preview:large, max-video-preview:-1\" \/>\n<link rel=\"canonical\" href=\"https:\/\/kchc.ca\/fr\/evenements\/introduction-a-la-neurodiversite-et-a-lautisme-chez-les-adultes\/\" \/>\n<meta property=\"og:locale\" content=\"fr_FR\" \/>\n<meta property=\"og:type\" content=\"article\" \/>\n<meta property=\"og:title\" content=\"Introduction \u00e0 la neurodiversit\u00e9 et \u00e0 l&#039;autisme chez les adultes - Centres de sant\u00e9 communautaires de Kingston\" \/>\n<meta property=\"og:description\" content=\"Un \u00e9v\u00e9nement en ligne perspicace o\u00f9 nous nous penchons sur la neurodiversit\u00e9 et l&#039;autisme chez les adultes. D\u00e9couvrez les forces et les d\u00e9fis uniques des personnes sur le spectre autistique ! Nos intervenants vous fourniront des informations et des conseils pr\u00e9cieux pour comprendre et soutenir les adultes neurodivergents dans divers aspects de la vie.\" \/>\n<meta property=\"og:url\" content=\"https:\/\/kchc.ca\/fr\/evenements\/introduction-a-la-neurodiversite-et-a-lautisme-chez-les-adultes\/\" \/>\n<meta property=\"og:site_name\" content=\"Centres de sant\u00e9 communautaires de Kingston\" \/>\n<meta property=\"article:publisher\" content=\"https:\/\/www.facebook.com\/KingstonCHC\/\" \/>\n<meta property=\"article:modified_time\" content=\"2026-04-27T20:12:41+00:00\" \/>\n<meta property=\"og:image\" content=\"https:\/\/kchc.ca\/wp-content\/uploads\/2025\/02\/Website-Events-Covers-2025-1.png\" \/>\n\t<meta property=\"og:image:width\" content=\"851\" \/>\n\t<meta property=\"og:image:height\" content=\"315\" \/>\n\t<meta property=\"og:image:type\" content=\"image\/png\" \/>\n<meta name=\"twitter:card\" content=\"summary_large_image\" \/>\n<meta name=\"twitter:site\" content=\"@KingstonCHC\" \/>\n<meta name=\"twitter:label1\" content=\"Dur\u00e9e de lecture estim\u00e9e\" \/>\n\t<meta name=\"twitter:data1\" content=\"1 minute\" \/>\n<script type=\"application\/ld+json\" class=\"yoast-schema-graph\">{\"@context\":\"https:\\\/\\\/schema.org\",\"@graph\":[{\"@type\":\"WebPage\",\"@id\":\"https:\\\/\\\/kchc.ca\\\/fr\\\/evenements\\\/introduction-a-la-neurodiversite-et-a-lautisme-chez-les-adultes\\\/\",\"url\":\"https:\\\/\\\/kchc.ca\\\/fr\\\/evenements\\\/introduction-a-la-neurodiversite-et-a-lautisme-chez-les-adultes\\\/\",\"name\":\"Introduction \u00e0 la neurodiversit\u00e9 et \u00e0 l'autisme chez les adultes - Centres de sant\u00e9 communautaires de Kingston\",\"isPartOf\":{\"@id\":\"https:\\\/\\\/kchc.ca\\\/fr\\\/#website\"},\"primaryImageOfPage\":{\"@id\":\"https:\\\/\\\/kchc.ca\\\/fr\\\/evenements\\\/introduction-a-la-neurodiversite-et-a-lautisme-chez-les-adultes\\\/#primaryimage\"},\"image\":{\"@id\":\"https:\\\/\\\/kchc.ca\\\/fr\\\/evenements\\\/introduction-a-la-neurodiversite-et-a-lautisme-chez-les-adultes\\\/#primaryimage\"},\"thumbnailUrl\":\"https:\\\/\\\/kchc.ca\\\/wp-content\\\/uploads\\\/2025\\\/02\\\/Website-Events-Covers-2025-1.png\",\"datePublished\":\"2026-04-04T21:01:36+00:00\",\"dateModified\":\"2026-04-27T20:12:41+00:00\",\"breadcrumb\":{\"@id\":\"https:\\\/\\\/kchc.ca\\\/fr\\\/evenements\\\/introduction-a-la-neurodiversite-et-a-lautisme-chez-les-adultes\\\/#breadcrumb\"},\"inLanguage\":\"fr-FR\",\"potentialAction\":[{\"@type\":\"ReadAction\",\"target\":[\"https:\\\/\\\/kchc.ca\\\/fr\\\/evenements\\\/introduction-a-la-neurodiversite-et-a-lautisme-chez-les-adultes\\\/\"]}]},{\"@type\":\"ImageObject\",\"inLanguage\":\"fr-FR\",\"@id\":\"https:\\\/\\\/kchc.ca\\\/fr\\\/evenements\\\/introduction-a-la-neurodiversite-et-a-lautisme-chez-les-adultes\\\/#primaryimage\",\"url\":\"https:\\\/\\\/kchc.ca\\\/wp-content\\\/uploads\\\/2025\\\/02\\\/Website-Events-Covers-2025-1.png\",\"contentUrl\":\"https:\\\/\\\/kchc.ca\\\/wp-content\\\/uploads\\\/2025\\\/02\\\/Website-Events-Covers-2025-1.png\",\"width\":851,\"height\":315},{\"@type\":\"BreadcrumbList\",\"@id\":\"https:\\\/\\\/kchc.ca\\\/fr\\\/evenements\\\/introduction-a-la-neurodiversite-et-a-lautisme-chez-les-adultes\\\/#breadcrumb\",\"itemListElement\":[{\"@type\":\"ListItem\",\"position\":1,\"name\":\"Home\",\"item\":\"https:\\\/\\\/kchc.ca\\\/fr\\\/\"},{\"@type\":\"ListItem\",\"position\":2,\"name\":\"Events\",\"item\":\"https:\\\/\\\/kchc.ca\\\/fr\\\/evenements\\\/\"},{\"@type\":\"ListItem\",\"position\":3,\"name\":\"Introduction \u00e0 la neurodiversit\u00e9 et \u00e0 l&#8217;autisme chez les adultes\"}]},{\"@type\":\"WebSite\",\"@id\":\"https:\\\/\\\/kchc.ca\\\/fr\\\/#website\",\"url\":\"https:\\\/\\\/kchc.ca\\\/fr\\\/\",\"name\":\"Kingston Community Health Centres\",\"description\":\"\",\"publisher\":{\"@id\":\"https:\\\/\\\/kchc.ca\\\/fr\\\/#organization\"},\"potentialAction\":[{\"@type\":\"SearchAction\",\"target\":{\"@type\":\"EntryPoint\",\"urlTemplate\":\"https:\\\/\\\/kchc.ca\\\/fr\\\/?s={search_term_string}\"},\"query-input\":{\"@type\":\"PropertyValueSpecification\",\"valueRequired\":true,\"valueName\":\"search_term_string\"}}],\"inLanguage\":\"fr-FR\"},{\"@type\":\"Organization\",\"@id\":\"https:\\\/\\\/kchc.ca\\\/fr\\\/#organization\",\"name\":\"Kingston Community Health Centres\",\"url\":\"https:\\\/\\\/kchc.ca\\\/fr\\\/\",\"logo\":{\"@type\":\"ImageObject\",\"inLanguage\":\"fr-FR\",\"@id\":\"https:\\\/\\\/kchc.ca\\\/fr\\\/#\\\/schema\\\/logo\\\/image\\\/\",\"url\":\"https:\\\/\\\/kchc.ca\\\/wp-content\\\/uploads\\\/2024\\\/06\\\/KCHC-logo.png\",\"contentUrl\":\"https:\\\/\\\/kchc.ca\\\/wp-content\\\/uploads\\\/2024\\\/06\\\/KCHC-logo.png\",\"width\":1096,\"height\":398,\"caption\":\"Kingston Community Health Centres\"},\"image\":{\"@id\":\"https:\\\/\\\/kchc.ca\\\/fr\\\/#\\\/schema\\\/logo\\\/image\\\/\"},\"sameAs\":[\"https:\\\/\\\/www.facebook.com\\\/KingstonCHC\\\/\",\"https:\\\/\\\/x.com\\\/KingstonCHC\"]}]}<\/script>\n<!-- \/ Yoast SEO plugin. -->","yoast_head_json":{"title":"Introduction \u00e0 la neurodiversit\u00e9 et \u00e0 l'autisme chez les adultes - Centres de sant\u00e9 communautaires de Kingston","robots":{"index":"index","follow":"follow","max-snippet":"max-snippet:-1","max-image-preview":"max-image-preview:large","max-video-preview":"max-video-preview:-1"},"canonical":"https:\/\/kchc.ca\/fr\/evenements\/introduction-a-la-neurodiversite-et-a-lautisme-chez-les-adultes\/","og_locale":"fr_FR","og_type":"article","og_title":"Introduction \u00e0 la neurodiversit\u00e9 et \u00e0 l'autisme chez les adultes - Centres de sant\u00e9 communautaires de Kingston","og_description":"Un \u00e9v\u00e9nement en ligne perspicace o\u00f9 nous nous penchons sur la neurodiversit\u00e9 et l'autisme chez les adultes. D\u00e9couvrez les forces et les d\u00e9fis uniques des personnes sur le spectre autistique ! Nos intervenants vous fourniront des informations et des conseils pr\u00e9cieux pour comprendre et soutenir les adultes neurodivergents dans divers aspects de la vie.","og_url":"https:\/\/kchc.ca\/fr\/evenements\/introduction-a-la-neurodiversite-et-a-lautisme-chez-les-adultes\/","og_site_name":"Centres de sant\u00e9 communautaires de Kingston","article_publisher":"https:\/\/www.facebook.com\/KingstonCHC\/","article_modified_time":"2026-04-27T20:12:41+00:00","og_image":[{"width":851,"height":315,"url":"https:\/\/kchc.ca\/wp-content\/uploads\/2025\/02\/Website-Events-Covers-2025-1.png","type":"image\/png"}],"twitter_card":"summary_large_image","twitter_site":"@KingstonCHC","twitter_misc":{"Dur\u00e9e de lecture estim\u00e9e":"1 minute"},"schema":{"@context":"https:\/\/schema.org","@graph":[{"@type":"WebPage","@id":"https:\/\/kchc.ca\/fr\/evenements\/introduction-a-la-neurodiversite-et-a-lautisme-chez-les-adultes\/","url":"https:\/\/kchc.ca\/fr\/evenements\/introduction-a-la-neurodiversite-et-a-lautisme-chez-les-adultes\/","name":"Introduction \u00e0 la neurodiversit\u00e9 et \u00e0 l'autisme chez les adultes - Centres de sant\u00e9 communautaires de Kingston","isPartOf":{"@id":"https:\/\/kchc.ca\/fr\/#website"},"primaryImageOfPage":{"@id":"https:\/\/kchc.ca\/fr\/evenements\/introduction-a-la-neurodiversite-et-a-lautisme-chez-les-adultes\/#primaryimage"},"image":{"@id":"https:\/\/kchc.ca\/fr\/evenements\/introduction-a-la-neurodiversite-et-a-lautisme-chez-les-adultes\/#primaryimage"},"thumbnailUrl":"https:\/\/kchc.ca\/wp-content\/uploads\/2025\/02\/Website-Events-Covers-2025-1.png","datePublished":"2026-04-04T21:01:36+00:00","dateModified":"2026-04-27T20:12:41+00:00","breadcrumb":{"@id":"https:\/\/kchc.ca\/fr\/evenements\/introduction-a-la-neurodiversite-et-a-lautisme-chez-les-adultes\/#breadcrumb"},"inLanguage":"fr-FR","potentialAction":[{"@type":"ReadAction","target":["https:\/\/kchc.ca\/fr\/evenements\/introduction-a-la-neurodiversite-et-a-lautisme-chez-les-adultes\/"]}]},{"@type":"ImageObject","inLanguage":"fr-FR","@id":"https:\/\/kchc.ca\/fr\/evenements\/introduction-a-la-neurodiversite-et-a-lautisme-chez-les-adultes\/#primaryimage","url":"https:\/\/kchc.ca\/wp-content\/uploads\/2025\/02\/Website-Events-Covers-2025-1.png","contentUrl":"https:\/\/kchc.ca\/wp-content\/uploads\/2025\/02\/Website-Events-Covers-2025-1.png","width":851,"height":315},{"@type":"BreadcrumbList","@id":"https:\/\/kchc.ca\/fr\/evenements\/introduction-a-la-neurodiversite-et-a-lautisme-chez-les-adultes\/#breadcrumb","itemListElement":[{"@type":"ListItem","position":1,"name":"Home","item":"https:\/\/kchc.ca\/fr\/"},{"@type":"ListItem","position":2,"name":"Events","item":"https:\/\/kchc.ca\/fr\/evenements\/"},{"@type":"ListItem","position":3,"name":"Introduction \u00e0 la neurodiversit\u00e9 et \u00e0 l&#8217;autisme chez les adultes"}]},{"@type":"WebSite","@id":"https:\/\/kchc.ca\/fr\/#website","url":"https:\/\/kchc.ca\/fr\/","name":"Kingston Community Health Centres","description":"","publisher":{"@id":"https:\/\/kchc.ca\/fr\/#organization"},"potentialAction":[{"@type":"SearchAction","target":{"@type":"EntryPoint","urlTemplate":"https:\/\/kchc.ca\/fr\/?s={search_term_string}"},"query-input":{"@type":"PropertyValueSpecification","valueRequired":true,"valueName":"search_term_string"}}],"inLanguage":"fr-FR"},{"@type":"Organization","@id":"https:\/\/kchc.ca\/fr\/#organization","name":"Kingston Community Health Centres","url":"https:\/\/kchc.ca\/fr\/","logo":{"@type":"ImageObject","inLanguage":"fr-FR","@id":"https:\/\/kchc.ca\/fr\/#\/schema\/logo\/image\/","url":"https:\/\/kchc.ca\/wp-content\/uploads\/2024\/06\/KCHC-logo.png","contentUrl":"https:\/\/kchc.ca\/wp-content\/uploads\/2024\/06\/KCHC-logo.png","width":1096,"height":398,"caption":"Kingston Community Health Centres"},"image":{"@id":"https:\/\/kchc.ca\/fr\/#\/schema\/logo\/image\/"},"sameAs":["https:\/\/www.facebook.com\/KingstonCHC\/","https:\/\/x.com\/KingstonCHC"]}]}},"_links":{"self":[{"href":"https:\/\/kchc.ca\/fr\/wp-json\/wp\/v2\/event\/6133","targetHints":{"allow":["GET"]}}],"collection":[{"href":"https:\/\/kchc.ca\/fr\/wp-json\/wp\/v2\/event"}],"about":[{"href":"https:\/\/kchc.ca\/fr\/wp-json\/wp\/v2\/types\/event"}],"wp:featuredmedia":[{"embeddable":true,"href":"https:\/\/kchc.ca\/fr\/wp-json\/wp\/v2\/media\/3179"}],"wp:attachment":[{"href":"https:\/\/kchc.ca\/fr\/wp-json\/wp\/v2\/media?parent=6133"}],"wp:term":[{"taxonomy":"category","embeddable":true,"href":"https:\/\/kchc.ca\/fr\/wp-json\/wp\/v2\/categories?post=6133"},{"taxonomy":"communities","embeddable":true,"href":"https:\/\/kchc.ca\/fr\/wp-json\/wp\/v2\/communities?post=6133"}],"curies":[{"name":"wp","href":"https:\/\/api.w.org\/{rel}","templated":true}]}}